{"id":30,"date":"2014-11-25T14:24:38","date_gmt":"2014-11-25T14:24:38","guid":{"rendered":"http:\/\/www.szolnokiiparipark.hu\/de\/?page_id=30"},"modified":"2015-01-13T14:22:13","modified_gmt":"2015-01-13T14:22:13","slug":"opportunities-for-settlement","status":"publish","type":"page","link":"https:\/\/www.szolnokiiparipark.hu\/de\/opportunities-for-settlement\/","title":{"rendered":"Ansiedlungs- m\u00f6glichkeiten"},"content":{"rendered":"<h2>Preise<\/h2>\n<p>Die Grundst\u00fccke k\u00f6nnen gekauft oder f\u00fcr lange Zeit gemietet werden. Der Preis der voll erschlossenen Grundst\u00fccke gestaltet nach den Marktpreisen, beim konkreten Bedarf, bitte kontaktieren Sie uns. Der Verkaufspreis enth\u00e4lt die sofortige Anschlussm\u00f6glichkeit zu den Versorgungsbetrieben, direkt an der Grenze des Grundst\u00fccks.<\/p>\n<p>Der Mietspreis wird angesichts des jeweiligen Verkaufspreises festgelegt. Der Mietbetrag enth\u00e4lt die sofortige Anschlussm\u00f6glichkeit zu den Versorgungsbetrieben, direkt an der Grenze des Grundst\u00fccks.<\/p>\n<p>Den Preis des Anschlusses zu den Versorgungsbetrieben zahlen die Ansiedler direkt den Stadtwerken.<\/p>\n","protected":false},"excerpt":{"rendered":"<p>Preise Die Grundst\u00fccke k\u00f6nnen gekauft oder f\u00fcr lange Zeit gemietet werden. Der Preis der voll erschlossenen Grundst\u00fccke gestaltet nach den Marktpreisen, beim konkreten Bedarf, bitte kontaktieren Sie uns. Der Verkaufspreis enth\u00e4lt die sofortige Anschlussm\u00f6glichkeit zu den Versorgungsbetrieben, direkt an der Grenze des Grundst\u00fccks. Der Mietspreis wird angesichts des jeweiligen Verkaufspreises festgelegt. Der Mietbetrag enth\u00e4lt die [&hellip;]<\/p>\n","protected":false},"author":1,"featured_media":0,"parent":0,"menu_order":0,"comment_status":"open","ping_status":"open","template":"galeria_de.php","meta":{"ngg_post_thumbnail":0,"footnotes":""},"class_list":["post-30","page","type-page","status-publish","hentry"],"_links":{"self":[{"href":"https:\/\/www.szolnokiiparipark.hu\/de\/wp-json\/wp\/v2\/pages\/30","targetHints":{"allow":["GET"]}}],"collection":[{"href":"https:\/\/www.szolnokiiparipark.hu\/de\/wp-json\/wp\/v2\/pages"}],"about":[{"href":"https:\/\/www.szolnokiiparipark.hu\/de\/wp-json\/wp\/v2\/types\/page"}],"author":[{"embeddable":true,"href":"https:\/\/www.szolnokiiparipark.hu\/de\/wp-json\/wp\/v2\/users\/1"}],"replies":[{"embeddable":true,"href":"https:\/\/www.szolnokiiparipark.hu\/de\/wp-json\/wp\/v2\/comments?post=30"}],"version-history":[{"count":2,"href":"https:\/\/www.szolnokiiparipark.hu\/de\/wp-json\/wp\/v2\/pages\/30\/revisions"}],"predecessor-version":[{"id":89,"href":"https:\/\/www.szolnokiiparipark.hu\/de\/wp-json\/wp\/v2\/pages\/30\/revisions\/89"}],"wp:attachment":[{"href":"https:\/\/www.szolnokiiparipark.hu\/de\/wp-json\/wp\/v2\/media?parent=30"}],"curies":[{"name":"wp","href":"https:\/\/api.w.org\/{rel}","templated":true}]}}